{"id":97,"date":"2026-08-20T05:42:48","date_gmt":"2026-08-20T05:42:48","guid":{"rendered":"https:\/\/new.clubpadelciutadella.com\/?page_id=97"},"modified":"2026-09-02T09:48:06","modified_gmt":"2026-09-02T09:48:06","slug":"escola","status":"publish","type":"page","link":"https:\/\/www.clubpadelciutadella.com\/es\/escola\/","title":{"rendered":"Escola"},"content":{"rendered":"<div style=\"height:100px\" aria-hidden=\"true\" class=\"wp-block-spacer\"><\/div>\n\n\n\n<div class=\"wp-block-group anima is-layout-flow wp-block-group-is-layout-flow\" style=\"padding-right:var(--wp--preset--spacing--50);padding-left:var(--wp--preset--spacing--50)\">\n<h2 class=\"wp-block-heading has-text-align-center display-3 text-primary\" style=\"font-size:60px\">Escola de p\u00e0del<\/h2>\n\n\n\n<p class=\"has-text-align-center display-3 text-primary wp-block-paragraph\" style=\"font-size:60px\">Temporada 2026 &#8211; 2027<\/p>\n<\/div>\n\n\n\n<div style=\"height:150px\" aria-hidden=\"true\" class=\"wp-block-spacer\"><\/div>\n\n\n\n<div class=\"wp-block-group alignwide anima is-layout-constrained wp-container-core-group-is-layout-1fa3e05d wp-block-group-is-layout-constrained\" style=\"margin-top:0;margin-bottom:0;padding-top:0;padding-right:var(--wp--preset--spacing--50);padding-bottom:0;padding-left:var(--wp--preset--spacing--50)\">\n<div class=\"wp-block-columns alignwide are-vertically-aligned-center is-layout-flex wp-container-core-columns-is-layout-bc10dd0a wp-block-columns-is-layout-flex\" style=\"margin-top:0;margin-bottom:0;padding-right:var(--wp--preset--spacing--50);padding-left:var(--wp--preset--spacing--50)\">\n<div class=\"wp-block-column is-vertically-aligned-center is-layout-flow wp-block-column-is-layout-flow\">\n<h2 class=\"wp-block-heading has-text-align-center alignwide has-primary-color has-text-color has-link-color has-large-font-size wp-elements-1\">Totes les edats<\/h2>\n\n\n\n<div style=\"height:20px\" aria-hidden=\"true\" class=\"wp-block-spacer\"><\/div>\n\n\n\n<p class=\"has-text-align-center has-secondary-color has-text-color has-link-color has-medium-font-size wp-elements-2 wp-block-paragraph\">L&#8217;escola est\u00e0 oberta a infants, joves i adults, sense importar l&#8217;experi\u00e8ncia pr\u00e8via.<\/p>\n\n\n\n<div style=\"height:50px\" aria-hidden=\"true\" class=\"wp-block-spacer\"><\/div>\n<\/div>\n\n\n\n<div class=\"wp-block-column is-vertically-aligned-center is-layout-flow wp-block-column-is-layout-flow\">\n<h2 class=\"wp-block-heading has-text-align-center alignwide has-primary-color has-text-color has-link-color has-large-font-size wp-elements-3\">Prova de nivell <\/h2>\n\n\n\n<div style=\"height:20px\" aria-hidden=\"true\" class=\"wp-block-spacer\"><\/div>\n\n\n\n<p class=\"has-text-align-center has-secondary-color has-text-color has-link-color has-medium-font-size wp-elements-4 wp-block-paragraph\">Abans de comen\u00e7ar fem una prova sense cap comprom\u00eds per con\u00e8ixer el teu joc.<\/p>\n\n\n\n<div style=\"height:50px\" aria-hidden=\"true\" class=\"wp-block-spacer\"><\/div>\n<\/div>\n\n\n\n<div class=\"wp-block-column is-vertically-aligned-center is-layout-flow wp-block-column-is-layout-flow\">\n<h2 class=\"wp-block-heading has-text-align-center has-primary-color has-text-color has-link-color has-large-font-size wp-elements-5\">Grups redu\u00efts<\/h2>\n\n\n\n<div style=\"height:20px\" aria-hidden=\"true\" class=\"wp-block-spacer\"><\/div>\n\n\n\n<p class=\"has-text-align-center has-secondary-color has-text-color has-link-color has-medium-font-size wp-elements-6 wp-block-paragraph\">De 3 a 4 alumnes, amb entrenadors titulats. Grup que millor s&#8217;adapti al teu nivell i disponibilitat.<\/p>\n\n\n\n<div style=\"height:50px\" aria-hidden=\"true\" class=\"wp-block-spacer\"><\/div>\n<\/div>\n<\/div>\n\n\n\n<div style=\"height:50px\" aria-hidden=\"true\" class=\"wp-block-spacer\"><\/div>\n<\/div>\n\n\n\n<div style=\"height:50px\" aria-hidden=\"true\" class=\"wp-block-spacer\"><\/div>\n\n\n\n<div class=\"bg-secondary-subtle mb-5 anima bloc-preus\" style=\"margin-top:0;margin-bottom:0;padding-top:0;padding-right:var(--wp--preset--spacing--50);padding-bottom:0;padding-left:var(--wp--preset--spacing--50)\">\n<div class=\"container overflow-hidden\">\n<div class=\"row g-5\">\n<div class=\"col-lg-5\">\n<div class=\"card h-100 text-bg-primary border-0 rounded-0\">\n<div class=\"card-body p-5\">\n<h2 class=\"display-4\">Diferents nivells<\/h2>\n\n\n\n<p class=\"lead mb-4 wp-block-paragraph\">Adaptem les classes per nivells perqu\u00e8 milloris amb els teus companys.<\/p>\n\n\n\n<div class=\"row g-2 hide-wp-block-classes\">\n<div class=\"col-12\">\n<div class=\"card h-100 border-0 text-white rounded-0\">\n<div class=\"card-body px-4 py-2 bg-primary bg-opacity-75\">\n<h3 class=\"mb-0 h4\">Infantils<\/h3>\n<\/div>\n<\/div>\n<\/div>\n\n\n\n<div class=\"col-12\">\n<div class=\"card h-100 border-0 text-white rounded-0\">\n<div class=\"card-body px-4 py-2 bg-primary bg-opacity-75\">\n<h3 class=\"mb-0 h4\">Adolescents<\/h3>\n<\/div>\n<\/div>\n<\/div>\n\n\n\n<div class=\"col-12\">\n<div class=\"card h-100 border-0 text-white rounded-0\">\n<div class=\"card-body px-4 py-2 bg-primary bg-opacity-75\">\n<h3 class=\"mb-0 h4\">Adults &#8211; Iniciaci\u00f3<\/h3>\n<\/div>\n<\/div>\n<\/div>\n\n\n\n<div class=\"col-12\">\n<div class=\"card h-100 border-0 text-white rounded-0\">\n<div class=\"card-body px-4 py-2 bg-primary bg-opacity-75\">\n<h3 class=\"mb-0 h4\">Adults &#8211; Perfeccionament<\/h3>\n<\/div>\n<\/div>\n<\/div>\n\n\n\n<div class=\"col-12\">\n<div class=\"card h-100 border-0 text-white rounded-0\">\n<div class=\"card-body px-4 py-2 bg-primary bg-opacity-75\">\n<h3 class=\"mb-0 h4\">Adults &#8211; Avan\u00e7at<\/h3>\n<\/div>\n<\/div>\n<\/div>\n<\/div>\n<\/div>\n<\/div>\n<\/div>\n\n\n\n<div class=\"col-lg text-primary\">\n<div class=\"alignwide py-5\">\n<h2 class=\"has-text-align-center display-4\"><strong>T&#8217;animes?<\/strong><\/h2>\n\n\n\n<p class=\"has-text-align-center lead mb-4 wp-block-paragraph\">Preus mensuals per alumne<\/p>\n\n\n\n<p class=\"has-text-align-center lead mb-4 wp-block-paragraph\">Per a m\u00e9s informaci\u00f3, contacta amb nosaltres!<\/p>\n<\/div>\n\n\n\n<div class=\"wp-block-columns alignwide are-vertically-aligned-center is-layout-flex wp-container-core-columns-is-layout-7387b849 wp-block-columns-is-layout-flex\">\n<div class=\"wp-block-column is-vertically-aligned-center wp-block-column-\">\n<p class=\"has-secondary-color has-text-color has-link-color wp-elements-7 wp-block-paragraph\"><strong>1 SESSI\u00d3 \/ SETMANA<\/strong><\/p>\n\n\n\n<p class=\"has-primary-color has-text-color has-link-color has-large-font-size wp-elements-8 wp-block-paragraph\">32 \u20ac<\/p>\n\n\n\n<p class=\"has-secondary-color has-text-color has-link-color wp-elements-9 wp-block-paragraph\">SOCIS<\/p>\n\n\n\n<p class=\"has-large-font-size wp-block-paragraph\">35 \u20ac<\/p>\n\n\n\n<p class=\"has-secondary-color has-text-color has-link-color wp-elements-10 wp-block-paragraph\">NO SOCIS<\/p>\n<\/div>\n\n\n\n<div class=\"wp-block-column is-vertically-aligned-center wp-block-column-\">\n<p class=\"has-secondary-color has-text-color has-link-color wp-elements-11 wp-block-paragraph\"><strong>2 SESSIONS \/ SETMANA<\/strong><\/p>\n\n\n\n<p class=\"has-primary-color has-text-color has-link-color has-large-font-size wp-elements-12 wp-block-paragraph\">60 \u20ac<\/p>\n\n\n\n<p class=\"has-secondary-color has-text-color has-link-color wp-elements-13 wp-block-paragraph\">SOCIS<\/p>\n\n\n\n<p class=\"has-large-font-size wp-block-paragraph\">70 \u20ac<\/p>\n\n\n\n<p class=\"has-secondary-color has-text-color has-link-color wp-elements-14 wp-block-paragraph\">NO SOCIS<\/p>\n<\/div>\n\n\n\n<div class=\"wp-block-column is-vertically-aligned-center wp-block-column-\">\n<p class=\"has-secondary-color has-text-color has-link-color wp-elements-15 wp-block-paragraph\"><strong>CLASSE PARTICULAR<\/strong><\/p>\n\n\n\n<p class=\"has-primary-color has-text-color has-link-color has-large-font-size wp-elements-16 wp-block-paragraph\">40 \u20ac<\/p>\n\n\n\n<p class=\"has-secondary-color has-text-color has-link-color wp-elements-17 wp-block-paragraph\">SOCIS<\/p>\n\n\n\n<p class=\"has-large-font-size wp-block-paragraph\">50 \u20ac<\/p>\n\n\n\n<p class=\"has-secondary-color has-text-color has-link-color wp-elements-18 wp-block-paragraph\">NO SOCIS<\/p>\n<\/div>\n<\/div>\n\n\n\n<div class=\"wp-block-buttons boto-whatsapp is-content-justification-center is-layout-flex wp-container-core-buttons-is-layout-3e41869c gap-1 mb-3\">\n<div class=\"wp-block-button\"><a class=\"wp-block-button__link has-primary-background-color has-background wp-element-button btn btn-primary\" href=\"https:\/\/wa.me\/34606158649?text=Hola!%20Voldria%20informaci%C3%B3%20sobre%20l'escola%20de%20p%C3%A0del\">Demana informaci\u00f3 per WhatsApp<\/a><\/div>\n<\/div>\n<\/div>\n<\/div>\n<\/div>\n<\/div>\n\n\n\n<div style=\"height:50px\" aria-hidden=\"true\" class=\"wp-block-spacer\"><\/div>\n\n\n\n<div class=\"py-5 anima\">\n<div class=\"container py-lg-4\">\n<div class=\"row justify-content-center g-4 hide-wp-block-classes\">\n<div class=\"col-lg-7 text-center\">\n<h2 class=\"display-3 text-primary\">Entrenadors<\/h2>\n\n\n\n<p class=\"lead text-secondary text-center mb-5 wp-block-paragraph\">El Club P\u00e0del Ciutadella compta amb professionals qualificats i amb un tracte excel\u00b7lent als socis i clients del club.<\/p>\n<\/div>\n\n\n\n<div class=\"col-12\">\n<div class=\"row justify-content-center g-4 hide-wp-block-classes\">\n<div class=\"col-10 col-lg-4\">\n<div class=\"position-relative\">\n<div class=\"position-absolute h-100 w-100 d-flex flex-column\">\n<div class=\"flex-fill\"><\/div>\n\n\n\n<div class=\"flex-fill bg-secondary-subtle\"><\/div>\n<\/div>\n\n\n\n<div class=\"square-image-container overflow-hidden rounded-circle\">\n<figure class=\"size-full image-fit\"><img loading=\"lazy\" decoding=\"async\" width=\"1191\" height=\"1787\" src=\"https:\/\/www.clubpadelciutadella.com\/wp-content\/uploads\/2026\/08\/lluis-juaneda.jpg\" alt=\"\" class=\"wp-image-79\" style=\"aspect-ratio:1;object-fit:cover\" srcset=\"https:\/\/www.clubpadelciutadella.com\/wp-content\/uploads\/2026\/08\/lluis-juaneda.jpg 1191w, https:\/\/www.clubpadelciutadella.com\/wp-content\/uploads\/2026\/08\/lluis-juaneda-200x300.jpg 200w, https:\/\/www.clubpadelciutadella.com\/wp-content\/uploads\/2026\/08\/lluis-juaneda-682x1024.jpg 682w, https:\/\/www.clubpadelciutadella.com\/wp-content\/uploads\/2026\/08\/lluis-juaneda-768x1152.jpg 768w, https:\/\/www.clubpadelciutadella.com\/wp-content\/uploads\/2026\/08\/lluis-juaneda-1024x1536.jpg 1024w\" sizes=\"auto, (max-width: 1191px) 100vw, 1191px\" \/><\/figure>\n<\/div>\n<\/div>\n\n\n\n<div class=\"bg-secondary-subtle px-5 py-4 text-center text-primary\">\n<h3 class=\"h4 mb-0\">Llu\u00eds Juaneda<\/h3>\n\n\n\n<p class=\"lead wp-block-paragraph\">Entrenador<\/p>\n\n\n\n<p class=\"fs-lg-5 wp-block-paragraph\">Monitor oficial de p\u00e0del amb m\u00e9s de 15 anys d&#8217;experi\u00e8ncia.<\/p>\n<\/div>\n<\/div>\n\n\n\n<div class=\"col-10 col-lg-4\">\n<div class=\"position-relative\">\n<div class=\"position-absolute h-100 w-100 d-flex flex-column\">\n<div class=\"flex-fill\"><\/div>\n\n\n\n<div class=\"flex-fill bg-secondary-subtle\"><\/div>\n<\/div>\n\n\n\n<div class=\"square-image-container overflow-hidden rounded-circle\">\n<figure class=\"size-full image-fit\"><img loading=\"lazy\" decoding=\"async\" width=\"1327\" height=\"1990\" src=\"https:\/\/www.clubpadelciutadella.com\/wp-content\/uploads\/2026\/08\/joan-salord.jpg\" alt=\"\" class=\"wp-image-77\" style=\"aspect-ratio:1;object-fit:cover\" srcset=\"https:\/\/www.clubpadelciutadella.com\/wp-content\/uploads\/2026\/08\/joan-salord.jpg 1327w, https:\/\/www.clubpadelciutadella.com\/wp-content\/uploads\/2026\/08\/joan-salord-200x300.jpg 200w, https:\/\/www.clubpadelciutadella.com\/wp-content\/uploads\/2026\/08\/joan-salord-683x1024.jpg 683w, https:\/\/www.clubpadelciutadella.com\/wp-content\/uploads\/2026\/08\/joan-salord-768x1152.jpg 768w, https:\/\/www.clubpadelciutadella.com\/wp-content\/uploads\/2026\/08\/joan-salord-1024x1536.jpg 1024w\" sizes=\"auto, (max-width: 1327px) 100vw, 1327px\" \/><\/figure>\n<\/div>\n<\/div>\n\n\n\n<div class=\"bg-secondary-subtle px-5 py-4 text-center text-primary\">\n<h3 class=\"h4 mb-0\">Joan Salord<\/h3>\n\n\n\n<p class=\"lead wp-block-paragraph\">Entrenador<\/p>\n\n\n\n<p class=\"fs-lg-5 wp-block-paragraph\">Entrenador de p\u00e0del des del 2010, t\u00edtol de monitor nivell 1 de RPP.<\/p>\n<\/div>\n<\/div>\n<\/div>\n<\/div>\n<\/div>\n<\/div>\n<\/div>\n\n\n\n<div style=\"height:100px\" aria-hidden=\"true\" class=\"wp-block-spacer\"><\/div>\n\n\n\n<div class=\"wp-block-group is-layout-constrained wp-container-core-group-is-layout-10e56c34 wp-block-group-is-layout-constrained\" style=\"padding-right:var(--wp--preset--spacing--50);padding-left:var(--wp--preset--spacing--50)\">\n<h2 class=\"wp-block-heading has-text-align-center has-primary-color has-text-color has-link-color wp-elements-19\" style=\"font-size:50px\">Patrocinadors<\/h2>\n\n\n\n<p class=\"has-text-align-center has-secondary-color has-text-color has-link-color wp-elements-20 wp-block-paragraph\">Gr\u00e0cies a la seva confian\u00e7a, fem possible el p\u00e0del a Ciutadella<\/p>\n\n\n\n<div class=\"wp-block-columns is-layout-flex wp-container-core-columns-is-layout-7387b849 wp-block-columns-is-layout-flex\">\n<div class=\"wp-block-column is-layout-flow wp-block-column-is-layout-flow\">\n<figure class=\"wp-block-image size-large has-custom-css wp-custom-css-507aa37b\"><img loading=\"lazy\" decoding=\"async\" width=\"1024\" height=\"507\" src=\"https:\/\/www.clubpadelciutadella.com\/wp-content\/uploads\/2026\/08\/Galp2-1024x507.png\" alt=\"\" class=\"wp-image-216\" srcset=\"https:\/\/www.clubpadelciutadella.com\/wp-content\/uploads\/2026\/08\/Galp2-1024x507.png 1024w, https:\/\/www.clubpadelciutadella.com\/wp-content\/uploads\/2026\/08\/Galp2-300x149.png 300w, https:\/\/www.clubpadelciutadella.com\/wp-content\/uploads\/2026\/08\/Galp2-767x380.png 767w, https:\/\/www.clubpadelciutadella.com\/wp-content\/uploads\/2026\/08\/Galp2-1536x761.png 1536w, https:\/\/www.clubpadelciutadella.com\/wp-content\/uploads\/2026\/08\/Galp2.png 1688w\" sizes=\"auto, (max-width: 1024px) 100vw, 1024px\" \/><\/figure>\n<\/div>\n\n\n\n<div class=\"wp-block-column is-layout-flow wp-block-column-is-layout-flow\">\n<figure class=\"wp-block-image size-large has-custom-css wp-custom-css-5b6db5d9\"><img loading=\"lazy\" decoding=\"async\" width=\"1024\" height=\"511\" src=\"https:\/\/www.clubpadelciutadella.com\/wp-content\/uploads\/2026\/08\/bp2-1024x511.png\" alt=\"\" class=\"wp-image-220\" srcset=\"https:\/\/www.clubpadelciutadella.com\/wp-content\/uploads\/2026\/08\/bp2-1024x511.png 1024w, https:\/\/www.clubpadelciutadella.com\/wp-content\/uploads\/2026\/08\/bp2-300x150.png 300w, https:\/\/www.clubpadelciutadella.com\/wp-content\/uploads\/2026\/08\/bp2-768x383.png 768w, https:\/\/www.clubpadelciutadella.com\/wp-content\/uploads\/2026\/08\/bp2-1536x766.png 1536w, https:\/\/www.clubpadelciutadella.com\/wp-content\/uploads\/2026\/08\/bp2.png 1692w\" sizes=\"auto, (max-width: 1024px) 100vw, 1024px\" \/><\/figure>\n<\/div>\n\n\n\n<div class=\"wp-block-column is-layout-flow wp-block-column-is-layout-flow\">\n<figure class=\"wp-block-image size-large has-custom-css wp-custom-css-26122417\"><img loading=\"lazy\" decoding=\"async\" width=\"1024\" height=\"463\" src=\"https:\/\/www.clubpadelciutadella.com\/wp-content\/uploads\/2026\/08\/Sin-titulo-1024x463.png\" alt=\"\" class=\"wp-image-222\" srcset=\"https:\/\/www.clubpadelciutadella.com\/wp-content\/uploads\/2026\/08\/Sin-titulo-1024x463.png 1024w, https:\/\/www.clubpadelciutadella.com\/wp-content\/uploads\/2026\/08\/Sin-titulo-300x136.png 300w, https:\/\/www.clubpadelciutadella.com\/wp-content\/uploads\/2026\/08\/Sin-titulo-768x347.png 768w, https:\/\/www.clubpadelciutadella.com\/wp-content\/uploads\/2026\/08\/Sin-titulo-1536x694.png 1536w, https:\/\/www.clubpadelciutadella.com\/wp-content\/uploads\/2026\/08\/Sin-titulo.png 1894w\" sizes=\"auto, (max-width: 1024px) 100vw, 1024px\" \/><\/figure>\n<\/div>\n\n\n\n<div class=\"wp-block-column is-layout-flow wp-block-column-is-layout-flow\">\n<figure class=\"wp-block-image size-large has-custom-css wp-custom-css-c05bf2bd\"><img loading=\"lazy\" decoding=\"async\" width=\"1024\" height=\"676\" src=\"https:\/\/www.clubpadelciutadella.com\/wp-content\/uploads\/2026\/08\/bananas2-1024x676.png\" alt=\"\" class=\"wp-image-224\" srcset=\"https:\/\/www.clubpadelciutadella.com\/wp-content\/uploads\/2026\/08\/bananas2-1024x676.png 1024w, https:\/\/www.clubpadelciutadella.com\/wp-content\/uploads\/2026\/08\/bananas2-300x198.png 300w, https:\/\/www.clubpadelciutadella.com\/wp-content\/uploads\/2026\/08\/bananas2-767x506.png 767w, https:\/\/www.clubpadelciutadella.com\/wp-content\/uploads\/2026\/08\/bananas2.png 1388w\" sizes=\"auto, (max-width: 1024px) 100vw, 1024px\" \/><\/figure>\n<\/div>\n\n\n\n<div class=\"wp-block-column is-layout-flow wp-block-column-is-layout-flow\">\n<figure class=\"wp-block-image size-large has-custom-css wp-custom-css-a1ea6e29\"><img loading=\"lazy\" decoding=\"async\" width=\"1024\" height=\"563\" src=\"https:\/\/www.clubpadelciutadella.com\/wp-content\/uploads\/2026\/08\/hidrop-1024x563.png\" alt=\"\" class=\"wp-image-225\" srcset=\"https:\/\/www.clubpadelciutadella.com\/wp-content\/uploads\/2026\/08\/hidrop-1024x563.png 1024w, https:\/\/www.clubpadelciutadella.com\/wp-content\/uploads\/2026\/08\/hidrop-300x165.png 300w, https:\/\/www.clubpadelciutadella.com\/wp-content\/uploads\/2026\/08\/hidrop-767x422.png 767w, https:\/\/www.clubpadelciutadella.com\/wp-content\/uploads\/2026\/08\/hidrop.png 1147w\" sizes=\"auto, (max-width: 1024px) 100vw, 1024px\" \/><\/figure>\n<\/div>\n\n\n\n<div class=\"wp-block-column is-layout-flow wp-block-column-is-layout-flow\">\n<figure class=\"wp-block-image size-large has-custom-css wp-custom-css-2342c1af\"><img loading=\"lazy\" decoding=\"async\" width=\"1024\" height=\"724\" src=\"https:\/\/www.clubpadelciutadella.com\/wp-content\/uploads\/2026\/08\/LOGO_DOSOPTICS_COLOR_pages-to-jpg-0001-1024x724.jpg\" alt=\"\" class=\"wp-image-223\" srcset=\"https:\/\/www.clubpadelciutadella.com\/wp-content\/uploads\/2026\/08\/LOGO_DOSOPTICS_COLOR_pages-to-jpg-0001-1024x724.jpg 1024w, https:\/\/www.clubpadelciutadella.com\/wp-content\/uploads\/2026\/08\/LOGO_DOSOPTICS_COLOR_pages-to-jpg-0001-300x212.jpg 300w, https:\/\/www.clubpadelciutadella.com\/wp-content\/uploads\/2026\/08\/LOGO_DOSOPTICS_COLOR_pages-to-jpg-0001-767x542.jpg 767w, https:\/\/www.clubpadelciutadella.com\/wp-content\/uploads\/2026\/08\/LOGO_DOSOPTICS_COLOR_pages-to-jpg-0001-1536x1086.jpg 1536w, https:\/\/www.clubpadelciutadella.com\/wp-content\/uploads\/2026\/08\/LOGO_DOSOPTICS_COLOR_pages-to-jpg-0001-2048x1448.jpg 2048w\" sizes=\"auto, (max-width: 1024px) 100vw, 1024px\" \/><\/figure>\n<\/div>\n<\/div>\n<\/div>\n\n\n\n<div style=\"height:100px\" aria-hidden=\"true\" class=\"wp-block-spacer\"><\/div>","protected":false},"excerpt":{"rendered":"<p>Escola de p\u00e0del Temporada 2026 &#8211; 2027 Totes les edats L&#8217;escola est\u00e0 oberta a infants, joves i adults, sense importar l&#8217;experi\u00e8ncia pr\u00e8via. Prova de nivell Abans de comen\u00e7ar fem una prova sense cap comprom\u00eds per con\u00e8ixer el teu joc. Grups redu\u00efts De 3 a 4 alumnes, amb entrenadors titulats. Grup que millor s&#8217;adapti al teu [&hellip;]<\/p>\n","protected":false},"author":1,"featured_media":0,"parent":0,"menu_order":0,"comment_status":"closed","ping_status":"closed","template":"page-templates\/page-blank.php","meta":{"footnotes":""},"class_list":["post-97","page","type-page","status-publish","hentry"],"yoast_head":"<!-- This site is optimized with the Yoast SEO plugin v28.4 - https:\/\/yoast.com\/product\/yoast-seo-wordpress\/ -->\n<title>Escola - Club P\u00e0del Ciutadella<\/title>\n<meta name=\"robots\" content=\"index, follow, max-snippet:-1, max-image-preview:large, max-video-preview:-1\" \/>\n<link rel=\"canonical\" href=\"https:\/\/www.clubpadelciutadella.com\/es\/escola\/\" \/>\n<meta property=\"og:locale\" content=\"es_ES\" \/>\n<meta property=\"og:type\" content=\"article\" \/>\n<meta property=\"og:title\" content=\"Escola - Club P\u00e0del Ciutadella\" \/>\n<meta property=\"og:description\" content=\"Escola de p\u00e0del Temporada 2026 &#8211; 2027 Totes les edats L&#8217;escola est\u00e0 oberta a infants, joves i adults, sense importar l&#8217;experi\u00e8ncia pr\u00e8via. Prova de nivell Abans de comen\u00e7ar fem una prova sense cap comprom\u00eds per con\u00e8ixer el teu joc. Grups redu\u00efts De 3 a 4 alumnes, amb entrenadors titulats. Grup que millor s&#8217;adapti al teu [&hellip;]\" \/>\n<meta property=\"og:url\" content=\"https:\/\/www.clubpadelciutadella.com\/es\/escola\/\" \/>\n<meta property=\"og:site_name\" content=\"Club P\u00e0del Ciutadella\" \/>\n<meta property=\"article:modified_time\" content=\"2026-09-02T09:48:06+00:00\" \/>\n<meta property=\"og:image\" content=\"https:\/\/www.clubpadelciutadella.com\/wp-content\/uploads\/2026\/08\/lluis-juaneda.jpg\" \/>\n\t<meta property=\"og:image:width\" content=\"1191\" \/>\n\t<meta property=\"og:image:height\" content=\"1787\" \/>\n\t<meta property=\"og:image:type\" content=\"image\/jpeg\" \/>\n<meta name=\"twitter:card\" content=\"summary_large_image\" \/>\n<meta name=\"twitter:label1\" content=\"Tiempo de lectura\" \/>\n\t<meta name=\"twitter:data1\" content=\"3 minutos\" \/>\n<script type=\"application\/ld+json\" class=\"yoast-schema-graph\">{\"@context\":\"https:\\\/\\\/schema.org\",\"@graph\":[{\"@type\":\"WebPage\",\"@id\":\"https:\\\/\\\/www.clubpadelciutadella.com\\\/escola\\\/\",\"url\":\"https:\\\/\\\/www.clubpadelciutadella.com\\\/escola\\\/\",\"name\":\"Escola - Club P\u00e0del Ciutadella\",\"isPartOf\":{\"@id\":\"https:\\\/\\\/www.clubpadelciutadella.com\\\/#website\"},\"primaryImageOfPage\":{\"@id\":\"https:\\\/\\\/www.clubpadelciutadella.com\\\/escola\\\/#primaryimage\"},\"image\":{\"@id\":\"https:\\\/\\\/www.clubpadelciutadella.com\\\/escola\\\/#primaryimage\"},\"thumbnailUrl\":\"https:\\\/\\\/www.clubpadelciutadella.com\\\/wp-content\\\/uploads\\\/2026\\\/08\\\/lluis-juaneda.jpg\",\"datePublished\":\"2026-08-20T05:42:48+00:00\",\"dateModified\":\"2026-09-02T09:48:06+00:00\",\"breadcrumb\":{\"@id\":\"https:\\\/\\\/www.clubpadelciutadella.com\\\/escola\\\/#breadcrumb\"},\"inLanguage\":\"es\",\"potentialAction\":[{\"@type\":\"ReadAction\",\"target\":[\"https:\\\/\\\/www.clubpadelciutadella.com\\\/escola\\\/\"]}]},{\"@type\":\"ImageObject\",\"inLanguage\":\"es\",\"@id\":\"https:\\\/\\\/www.clubpadelciutadella.com\\\/escola\\\/#primaryimage\",\"url\":\"https:\\\/\\\/www.clubpadelciutadella.com\\\/wp-content\\\/uploads\\\/2026\\\/08\\\/lluis-juaneda.jpg\",\"contentUrl\":\"https:\\\/\\\/www.clubpadelciutadella.com\\\/wp-content\\\/uploads\\\/2026\\\/08\\\/lluis-juaneda.jpg\"},{\"@type\":\"BreadcrumbList\",\"@id\":\"https:\\\/\\\/www.clubpadelciutadella.com\\\/escola\\\/#breadcrumb\",\"itemListElement\":[{\"@type\":\"ListItem\",\"position\":1,\"name\":\"Portada\",\"item\":\"https:\\\/\\\/www.clubpadelciutadella.com\\\/\"},{\"@type\":\"ListItem\",\"position\":2,\"name\":\"Escola\"}]},{\"@type\":\"WebSite\",\"@id\":\"https:\\\/\\\/www.clubpadelciutadella.com\\\/#website\",\"url\":\"https:\\\/\\\/www.clubpadelciutadella.com\\\/\",\"name\":\"Club P\u00e0del Ciutadella\",\"description\":\"\",\"potentialAction\":[{\"@type\":\"SearchAction\",\"target\":{\"@type\":\"EntryPoint\",\"urlTemplate\":\"https:\\\/\\\/www.clubpadelciutadella.com\\\/?s={search_term_string}\"},\"query-input\":{\"@type\":\"PropertyValueSpecification\",\"valueRequired\":true,\"valueName\":\"search_term_string\"}}],\"inLanguage\":\"es\"}]}<\/script>\n<!-- \/ Yoast SEO plugin. -->","yoast_head_json":{"title":"Escola - Club P\u00e0del Ciutadella","robots":{"index":"index","follow":"follow","max-snippet":"max-snippet:-1","max-image-preview":"max-image-preview:large","max-video-preview":"max-video-preview:-1"},"canonical":"https:\/\/www.clubpadelciutadella.com\/es\/escola\/","og_locale":"es_ES","og_type":"article","og_title":"Escola - Club P\u00e0del Ciutadella","og_description":"Escola de p\u00e0del Temporada 2026 &#8211; 2027 Totes les edats L&#8217;escola est\u00e0 oberta a infants, joves i adults, sense importar l&#8217;experi\u00e8ncia pr\u00e8via. Prova de nivell Abans de comen\u00e7ar fem una prova sense cap comprom\u00eds per con\u00e8ixer el teu joc. Grups redu\u00efts De 3 a 4 alumnes, amb entrenadors titulats. Grup que millor s&#8217;adapti al teu [&hellip;]","og_url":"https:\/\/www.clubpadelciutadella.com\/es\/escola\/","og_site_name":"Club P\u00e0del Ciutadella","article_modified_time":"2026-09-02T09:48:06+00:00","og_image":[{"width":1191,"height":1787,"url":"https:\/\/www.clubpadelciutadella.com\/wp-content\/uploads\/2026\/08\/lluis-juaneda.jpg","type":"image\/jpeg"}],"twitter_card":"summary_large_image","twitter_misc":{"Tiempo de lectura":"3 minutos"},"schema":{"@context":"https:\/\/schema.org","@graph":[{"@type":"WebPage","@id":"https:\/\/www.clubpadelciutadella.com\/escola\/","url":"https:\/\/www.clubpadelciutadella.com\/escola\/","name":"Escola - Club P\u00e0del Ciutadella","isPartOf":{"@id":"https:\/\/www.clubpadelciutadella.com\/#website"},"primaryImageOfPage":{"@id":"https:\/\/www.clubpadelciutadella.com\/escola\/#primaryimage"},"image":{"@id":"https:\/\/www.clubpadelciutadella.com\/escola\/#primaryimage"},"thumbnailUrl":"https:\/\/www.clubpadelciutadella.com\/wp-content\/uploads\/2026\/08\/lluis-juaneda.jpg","datePublished":"2026-08-20T05:42:48+00:00","dateModified":"2026-09-02T09:48:06+00:00","breadcrumb":{"@id":"https:\/\/www.clubpadelciutadella.com\/escola\/#breadcrumb"},"inLanguage":"es","potentialAction":[{"@type":"ReadAction","target":["https:\/\/www.clubpadelciutadella.com\/escola\/"]}]},{"@type":"ImageObject","inLanguage":"es","@id":"https:\/\/www.clubpadelciutadella.com\/escola\/#primaryimage","url":"https:\/\/www.clubpadelciutadella.com\/wp-content\/uploads\/2026\/08\/lluis-juaneda.jpg","contentUrl":"https:\/\/www.clubpadelciutadella.com\/wp-content\/uploads\/2026\/08\/lluis-juaneda.jpg"},{"@type":"BreadcrumbList","@id":"https:\/\/www.clubpadelciutadella.com\/escola\/#breadcrumb","itemListElement":[{"@type":"ListItem","position":1,"name":"Portada","item":"https:\/\/www.clubpadelciutadella.com\/"},{"@type":"ListItem","position":2,"name":"Escola"}]},{"@type":"WebSite","@id":"https:\/\/www.clubpadelciutadella.com\/#website","url":"https:\/\/www.clubpadelciutadella.com\/","name":"Club P\u00e0del Ciutadella","description":"","potentialAction":[{"@type":"SearchAction","target":{"@type":"EntryPoint","urlTemplate":"https:\/\/www.clubpadelciutadella.com\/?s={search_term_string}"},"query-input":{"@type":"PropertyValueSpecification","valueRequired":true,"valueName":"search_term_string"}}],"inLanguage":"es"}]}},"_links":{"self":[{"href":"https:\/\/www.clubpadelciutadella.com\/es\/wp-json\/wp\/v2\/pages\/97","targetHints":{"allow":["GET"]}}],"collection":[{"href":"https:\/\/www.clubpadelciutadella.com\/es\/wp-json\/wp\/v2\/pages"}],"about":[{"href":"https:\/\/www.clubpadelciutadella.com\/es\/wp-json\/wp\/v2\/types\/page"}],"author":[{"embeddable":true,"href":"https:\/\/www.clubpadelciutadella.com\/es\/wp-json\/wp\/v2\/users\/1"}],"replies":[{"embeddable":true,"href":"https:\/\/www.clubpadelciutadella.com\/es\/wp-json\/wp\/v2\/comments?post=97"}],"version-history":[{"count":61,"href":"https:\/\/www.clubpadelciutadella.com\/es\/wp-json\/wp\/v2\/pages\/97\/revisions"}],"predecessor-version":[{"id":545,"href":"https:\/\/www.clubpadelciutadella.com\/es\/wp-json\/wp\/v2\/pages\/97\/revisions\/545"}],"wp:attachment":[{"href":"https:\/\/www.clubpadelciutadella.com\/es\/wp-json\/wp\/v2\/media?parent=97"}],"curies":[{"name":"wp","href":"https:\/\/api.w.org\/{rel}","templated":true}]}}